{"id":719,"date":"2022-06-13T09:00:00","date_gmt":"2022-06-13T09:00:00","guid":{"rendered":"https:\/\/xn--espaolconmaite-tnb.com\/?post_type=podcast&#038;p=719"},"modified":"2022-06-14T09:54:35","modified_gmt":"2022-06-14T09:54:35","slug":"las-expresiones-con-el-verbo-quedar","status":"publish","type":"podcast","link":"https:\/\/spanishwithmaite.com\/index.php\/podcast\/las-expresiones-con-el-verbo-quedar\/","title":{"rendered":"Las expresiones con el verbo quedar."},"content":{"rendered":"<audio class=\"wp-audio-shortcode\" id=\"audio-719-1\" preload=\"none\" style=\"width: 100%;\" controls=\"controls\"><source type=\"audio\/mpeg\" src=\"https:\/\/xn--espaolconmaite-tnb.com\/wp-content\/uploads\/2022\/06\/Episodio-5.-Espan\u0303ol-con-Maite-12622-18.mp3?_=1\" \/><a href=\"https:\/\/xn--espaolconmaite-tnb.com\/wp-content\/uploads\/2022\/06\/Episodio-5.-Espan\u0303ol-con-Maite-12622-18.mp3\">https:\/\/xn--espaolconmaite-tnb.com\/wp-content\/uploads\/2022\/06\/Episodio-5.-Espan\u0303ol-con-Maite-12622-18.mp3<\/a><\/audio>\n<h3>Episodio 5. Las expresiones con el verbo \u00abquedar\u00bb.<\/h3>\n<h4>Transcripci\u00f3n del episodio<\/h4>\n<p>\u00a1Hola!<\/p>\n<p>Bienvenidos al episodio n\u00famero 5 de \u201cEspa\u00f1ol con Maite\u201d.<\/p>\n<p><strong>\u00a1Gracias por estar aqu\u00ed!<em> \u00a0<\/em><\/strong><em>Thank you for coming!<\/em><\/p>\n<p><strong>Qued\u00e9 con vosotros<\/strong> que este lunes tendr\u00edas podcast y aqu\u00ed estoy, casi me he <strong>quedado sin voz<\/strong>, pero a\u00fan y as\u00ed voy a intentar explicarte expresiones para que t\u00fa <strong>te quedes con<\/strong> algo nuevo.<\/p>\n<p>Ahora que dicen que la pandemia se ha acabado, que ya casi no hay virus. Yo voy y mira&#8230; me cojo un virus de garganta y tengo las cuerdas vocales inflamadas.<\/p>\n<p>Pero, ya que estoy aqu\u00ed y estoy un poquito mejor, voy a explicaros alguna cosa.<\/p>\n<p>&#8211; S\u00ed, \u00a1t\u00fa! \u00bfme oyes bien?<\/p>\n<p>Para que no te quedes<strong> como un tonto<\/strong> cuando oigas a los nativos espa\u00f1oles hablar, te voy a introducir algunos usos del verbo quedar.<\/p>\n<p>En la primera frase, <strong>qued\u00e9 con vosotros,(<\/strong> <em>I\u2019ve arranged to meet you)<\/em> significa que acord\u00e9 con vosotros que este lunes os explicar\u00eda cosas nuevas. Tambi\u00e9n pod\u00eda <strong>haber quedado con vosotros <\/strong>en una cafeter\u00eda para vernos.<\/p>\n<p>En Espa\u00f1a es muy habitual, que para citarnos con un amigo para dar una vuelta, ir de compras, tomar algo o lo que sea&#8230; usemos el verbo quedar y digamos, por ejemplo:<\/p>\n<p><strong>&#8211; Oye Marta \u00bfQuedamos a las 9 para ir al cine? \u00bfTe parece bien?<\/strong><\/p>\n<p><strong>&#8211; S\u00ed, s\u00ed. \u00bfy t\u00fa? \u00bfYa has quedado con Luc\u00eda?<\/strong><\/p>\n<p><strong>\u00a0<\/strong>(We have arranged to meet or plan to meet)<\/p>\n<p>Tambi\u00e9n <strong>usamos el verbo \u00abquedar\u00bb para situar lugares<\/strong>, edificios, el supermercado, la farmacia.<\/p>\n<p>Lo podr\u00edamos utilizar como sin\u00f3nimo de estar situado, pero solo en lenguaje coloquial, entre las personas en la vida diaria.<\/p>\n<p>Por ejemplo, dir\u00edamos:<\/p>\n<p>&#8211; \u00bfD\u00f3nde queda el supermercado?<\/p>\n<p>Y me contestar\u00edan<\/p>\n<p>&#8211; Queda muy cerca de aqu\u00ed, a solo dos manzanas.<\/p>\n<p><em>(Where is the supermarket? Very close to here, just two blocks. <\/em>Dos manzanas, two blocks.)<\/p>\n<p><em>\u00a0<\/em><strong><em>Blocks no apples.<\/em><\/strong><\/p>\n<p><em>\u00a0<\/em>Aprovecho para explicaros uno de los significados m\u00e1s comunes y que oir\u00e9is m\u00e1s en Espa\u00f1a. Aqu\u00ed, una manzana es un fruto, s\u00ed claro, el fruto del manzano; y adem\u00e1s es el espacio urbano edificado o no, con forma de cuadrado y que est\u00e1 rodeado de calles.<\/p>\n<p>A este espacio le llamamos manzana y por eso a veces oir\u00e1s:<\/p>\n<p>\u201cla fruter\u00eda est\u00e1 dos manzanas m\u00e1s arriba\u201d o \u201c da la vuelta a la manzana y lo encontrar\u00e1s\u201d<\/p>\n<p><em>\u00a0<\/em>Pero volvamos al tema en que est\u00e1bamos, las expresiones con el verbo \u00abquedar\u00bb.<\/p>\n<p>Una frase muy com\u00fan es la formada por:<\/p>\n<h3><strong>Quedar como + un sustantivo: que significa ganarse la fama de ser de una manera.<\/strong><\/h3>\n<p>Por ejemplo: \u00a0<strong>Quedar como un tonto<\/strong><\/p>\n<p>Imaginad que est\u00e1is con un grupo de amigos y todos saben que ma\u00f1ana es fiesta, pero t\u00fa no. Todos hacen planes y t\u00fa les dices: &#8211; pero \u00bfno trabaj\u00e1is ma\u00f1ana?<\/p>\n<p>Entonces va cuando quedas como un tonto porque eres el \u00fanico despistado que no sab\u00eda que ma\u00f1ana era un d\u00eda festivo<\/p>\n<h3><strong>Quedar bien o quedar mal, esta es la cuesti\u00f3n.<\/strong><\/h3>\n<p><strong>\u00a0<\/strong><strong>\u00bfQu\u00e9 prefieres? <\/strong><\/p>\n<p>Tambi\u00e9n puedes ser muy educado o actuar bien en la vida y dir\u00e1n de ti <strong>\u201csiempre queda bien\u201d<\/strong> o ser un t\u00edo o t\u00eda (como dir\u00edan coloquialmente aqu\u00ed) que ha dicho algo que no deb\u00eda decir y <strong>ha quedado muy mal<\/strong> con alguien.<\/p>\n<p>Por ejemplo le hice prometer a mi amiga que no le explicar\u00eda a nadie lo que me hab\u00eda pasado y al d\u00eda siguiente todos me preguntaban por ello. Quedo muy mal conmigo, no cumpli\u00f3 su palabra.<\/p>\n<p>Otra frase que oir\u00e1s mucho en Espa\u00f1a es <strong>\u00bfTe est\u00e1s quedando conmigo?<\/strong><\/p>\n<p>Por ejemplo, una de mis amigas me explic\u00f3 que le hab\u00eda tocado un viaje al Caribe y que nos \u00edbamos a ir las dos. Yo no me lo pod\u00eda creer y le dije \u00bfTe estas quedando conmigo?<\/p>\n<p>\u00bfTe est\u00e1s quedando conmigo?<\/p>\n<p>Y a m\u00ed me encantar\u00eda quedarme m\u00e1s rato con vosotros y explicaros muchas m\u00e1s cosas. Quedarme en este momento significa permanecer, estar aqu\u00ed, quedarme hablando con vosotros.<\/p>\n<p>Pero mi voz hoy no me lo permite.<\/p>\n<p>Os a\u00f1adir\u00e9 alguna explicaci\u00f3n m\u00e1s sobre el podcast de hoy en el blog, despu\u00e9s de la transcripci\u00f3n*<\/p>\n<p>Recordad que la encontrar\u00e9is en <a href=\"http:\/\/www.espa\u00f1olconmaite.com\">www.espa\u00f1olconmaite.com<\/a> o <em>Spanishwithmaite.com<\/em><\/p>\n<p>Si te gusta y si crees que aprendes algo \u00a1no me falles! Nos vemos el pr\u00f3ximo lunes con un nuevo episodio.<\/p>\n<p>\u00a1Hasta luego!<\/p>\n<p>*En un momento del podcast he utilizado la palabra <strong>\u00abt\u00edo\u00bb\u00a0<\/strong>que seguro que conoc\u00e9is como el hermano o hermana (t\u00eda)\u00a0 de uno de tus padres. Sin embargo, en lenguaje coloquial, esta palabra significa muchas m\u00e1s cosas.<\/p>\n<p>Te hago un peque\u00f1o resumen:<\/p>\n<ul>\n<li>Usamos t\u00edo o t\u00eda\u00a0 para <strong>hablar de una persona cuyo nombre ignoramos<\/strong>. Ej: \u00abEse t\u00edo nos dijo d\u00f3nde encontrarte\u00bb<\/li>\n<li>Para hablar de una persona <strong>a la que le atribuimos algo bueno o malo<\/strong>. Ej: \u00a1Qu\u00e9 t\u00edo m\u00e1s pesado! \u00a1Qu\u00e9 t\u00eda m\u00e1s guapa!<\/li>\n<li>A veces se llaman \u00abt\u00edo, t\u00eda\u00bb\u00a0 <strong>entre los amigos<\/strong>. Ej: \u00a1Hola t\u00edo! \u00a1Me alegro de verte!<\/li>\n<li>En ocasiones, decimos por ejemplo \u00abvaya t\u00eda m\u00e1s maleducada! <strong>para hablar de personas groseras<\/strong>.<\/li>\n<\/ul>\n<p>&nbsp;<\/p>\n","protected":false},"excerpt":{"rendered":"<p>Episodio 5. Las expresiones con el verbo \u00abquedar\u00bb. Transcripci\u00f3n del episodio \u00a1Hola! Bienvenidos al episodio n\u00famero 5 de \u201cEspa\u00f1ol con Maite\u201d. \u00a1Gracias por estar aqu\u00ed! \u00a0Thank you for coming! Qued\u00e9 con vosotros que este lunes tendr\u00edas podcast y aqu\u00ed estoy, casi me he quedado sin voz, pero a\u00fan y as\u00ed voy a intentar explicarte expresiones&hellip;&nbsp;<a href=\"https:\/\/spanishwithmaite.com\/index.php\/podcast\/las-expresiones-con-el-verbo-quedar\/\" rel=\"bookmark\">Leer m\u00e1s &raquo;<span class=\"screen-reader-text\">Las expresiones con el verbo quedar.<\/span><\/a><\/p>\n","protected":false},"author":1,"featured_media":721,"menu_order":0,"comment_status":"open","ping_status":"closed","template":"","meta":{"neve_meta_sidebar":"","neve_meta_container":"","neve_meta_enable_content_width":"","neve_meta_content_width":0,"neve_meta_title_alignment":"","neve_meta_author_avatar":"","neve_post_elements_order":"","neve_meta_disable_header":"","neve_meta_disable_footer":"","neve_meta_disable_title":"","episode_type":"audio","audio_file":"","cover_image":"","cover_image_id":"","duration":"","filesize":"","date_recorded":"","explicit":"","block":"","itunes_episode_number":"","itunes_title":"","itunes_season_number":"","itunes_episode_type":"","filesize_raw":""},"tags":[13,12,40,19],"series":[16],"class_list":["post-719","podcast","type-podcast","status-publish","has-post-thumbnail","hentry","tag-listeningspanish","tag-podcast","tag-spanishpodcast","tag-vocabulario","series-espanolconmaite"],"episode_featured_image":"https:\/\/spanishwithmaite.com\/wp-content\/uploads\/2022\/06\/Expresiones-en-espan\u0303ol-con-el-verbo-quedar.jpg","episode_player_image":"https:\/\/spanishwithmaite.com\/wp-content\/uploads\/2022\/05\/Espan\u0303ol-con-maite-1.png","download_link":"","player_link":"","audio_player":false,"episode_data":{"playerMode":"light","subscribeUrls":{"apple_podcasts":{"key":"apple_podcasts","url":"","label":"Apple Podcasts","class":"apple_podcasts","icon":"apple-podcasts.png"},"stitcher":{"key":"stitcher","url":"","label":"Stitcher","class":"stitcher","icon":"stitcher.png"},"google_podcasts":{"key":"google_podcasts","url":"","label":"Google Podcasts","class":"google_podcasts","icon":"google-podcasts.png"},"spotify":{"key":"spotify","url":"","label":"Spotify","class":"spotify","icon":"spotify.png"}},"rssFeedUrl":"https:\/\/spanishwithmaite.com\/feed\/podcast\/espanolconmaite","embedCode":"<blockquote class=\"wp-embedded-content\" data-secret=\"fXbUIvnlB0\"><a href=\"https:\/\/spanishwithmaite.com\/index.php\/podcast\/las-expresiones-con-el-verbo-quedar\/\">Las expresiones con el verbo quedar.<\/a><\/blockquote><iframe sandbox=\"allow-scripts\" security=\"restricted\" src=\"https:\/\/spanishwithmaite.com\/index.php\/podcast\/las-expresiones-con-el-verbo-quedar\/embed\/#?secret=fXbUIvnlB0\" width=\"500\" height=\"350\" title=\"\u00abLas expresiones con el verbo quedar.\u00bb \u2014 Espa&ntilde;ol con Maite\" data-secret=\"fXbUIvnlB0\" frameborder=\"0\" marginwidth=\"0\" marginheight=\"0\" scrolling=\"no\" class=\"wp-embedded-content\"><\/iframe><script>\n\/*! This file is auto-generated *\/\n!function(d,l){\"use strict\";l.querySelector&&d.addEventListener&&\"undefined\"!=typeof URL&&(d.wp=d.wp||{},d.wp.receiveEmbedMessage||(d.wp.receiveEmbedMessage=function(e){var t=e.data;if((t||t.secret||t.message||t.value)&&!\/[^a-zA-Z0-9]\/.test(t.secret)){for(var s,r,n,a=l.querySelectorAll('iframe[data-secret=\"'+t.secret+'\"]'),o=l.querySelectorAll('blockquote[data-secret=\"'+t.secret+'\"]'),c=new RegExp(\"^https?:$\",\"i\"),i=0;i<o.length;i++)o[i].style.display=\"none\";for(i=0;i<a.length;i++)s=a[i],e.source===s.contentWindow&&(s.removeAttribute(\"style\"),\"height\"===t.message?(1e3<(r=parseInt(t.value,10))?r=1e3:~~r<200&&(r=200),s.height=r):\"link\"===t.message&&(r=new URL(s.getAttribute(\"src\")),n=new URL(t.value),c.test(n.protocol))&&n.host===r.host&&l.activeElement===s&&(d.top.location.href=t.value))}},d.addEventListener(\"message\",d.wp.receiveEmbedMessage,!1),l.addEventListener(\"DOMContentLoaded\",function(){for(var e,t,s=l.querySelectorAll(\"iframe.wp-embedded-content\"),r=0;r<s.length;r++)(t=(e=s[r]).getAttribute(\"data-secret\"))||(t=Math.random().toString(36).substring(2,12),e.src+=\"#?secret=\"+t,e.setAttribute(\"data-secret\",t)),e.contentWindow.postMessage({message:\"ready\",secret:t},\"*\")},!1)))}(window,document);\n\/\/# sourceURL=https:\/\/spanishwithmaite.com\/wp-includes\/js\/wp-embed.min.js\n<\/script>\n"},"yoast_head":"<!-- This site is optimized with the Yoast SEO plugin v25.0 - https:\/\/yoast.com\/wordpress\/plugins\/seo\/ -->\n<title>Expresiones con el verbo quedar- Episodio 5 - Espa&ntilde;ol con Maite<\/title>\n<meta name=\"description\" content=\"En espa\u00f1ol utilizamos muchas expresiones con el verbo quedar y con diferentes significados. Escucha el podcast y desc\u00fabrelas.\" \/>\n<meta name=\"robots\" content=\"index, follow, max-snippet:-1, max-image-preview:large, max-video-preview:-1\" \/>\n<link rel=\"canonical\" href=\"https:\/\/spanishwithmaite.com\/index.php\/podcast\/las-expresiones-con-el-verbo-quedar\/\" \/>\n<meta property=\"og:locale\" content=\"es_ES\" \/>\n<meta property=\"og:type\" content=\"article\" \/>\n<meta property=\"og:title\" content=\"Expresiones con el verbo quedar- Episodio 5 - Espa&ntilde;ol con Maite\" \/>\n<meta property=\"og:description\" content=\"En espa\u00f1ol utilizamos muchas expresiones con el verbo quedar y con diferentes significados. Escucha el podcast y desc\u00fabrelas.\" \/>\n<meta property=\"og:url\" content=\"https:\/\/spanishwithmaite.com\/index.php\/podcast\/las-expresiones-con-el-verbo-quedar\/\" \/>\n<meta property=\"og:site_name\" content=\"Espa&ntilde;ol con Maite\" \/>\n<meta property=\"article:modified_time\" content=\"2022-06-14T09:54:35+00:00\" \/>\n<meta property=\"og:image\" content=\"https:\/\/spanishwithmaite.com\/wp-content\/uploads\/2022\/06\/Expresiones-en-espan\u0303ol-con-el-verbo-quedar.jpg\" \/>\n\t<meta property=\"og:image:width\" content=\"1080\" \/>\n\t<meta property=\"og:image:height\" content=\"1080\" \/>\n\t<meta property=\"og:image:type\" content=\"image\/jpeg\" \/>\n<meta name=\"twitter:card\" content=\"summary_large_image\" \/>\n<meta name=\"twitter:label1\" content=\"Tiempo de lectura\" \/>\n\t<meta name=\"twitter:data1\" content=\"4 minutos\" \/>\n<script type=\"application\/ld+json\" class=\"yoast-schema-graph\">{\"@context\":\"https:\/\/schema.org\",\"@graph\":[{\"@type\":\"WebPage\",\"@id\":\"https:\/\/spanishwithmaite.com\/index.php\/podcast\/las-expresiones-con-el-verbo-quedar\/\",\"url\":\"https:\/\/spanishwithmaite.com\/index.php\/podcast\/las-expresiones-con-el-verbo-quedar\/\",\"name\":\"Expresiones con el verbo quedar- Episodio 5 - Espa&ntilde;ol con Maite\",\"isPartOf\":{\"@id\":\"https:\/\/spanishwithmaite.com\/#website\"},\"primaryImageOfPage\":{\"@id\":\"https:\/\/spanishwithmaite.com\/index.php\/podcast\/las-expresiones-con-el-verbo-quedar\/#primaryimage\"},\"image\":{\"@id\":\"https:\/\/spanishwithmaite.com\/index.php\/podcast\/las-expresiones-con-el-verbo-quedar\/#primaryimage\"},\"thumbnailUrl\":\"https:\/\/spanishwithmaite.com\/wp-content\/uploads\/2022\/06\/Expresiones-en-espan\u0303ol-con-el-verbo-quedar.jpg\",\"datePublished\":\"2022-06-13T09:00:00+00:00\",\"dateModified\":\"2022-06-14T09:54:35+00:00\",\"description\":\"En espa\u00f1ol utilizamos muchas expresiones con el verbo quedar y con diferentes significados. Escucha el podcast y desc\u00fabrelas.\",\"breadcrumb\":{\"@id\":\"https:\/\/spanishwithmaite.com\/index.php\/podcast\/las-expresiones-con-el-verbo-quedar\/#breadcrumb\"},\"inLanguage\":\"es\",\"potentialAction\":[{\"@type\":\"ReadAction\",\"target\":[\"https:\/\/spanishwithmaite.com\/index.php\/podcast\/las-expresiones-con-el-verbo-quedar\/\"]}]},{\"@type\":\"ImageObject\",\"inLanguage\":\"es\",\"@id\":\"https:\/\/spanishwithmaite.com\/index.php\/podcast\/las-expresiones-con-el-verbo-quedar\/#primaryimage\",\"url\":\"https:\/\/spanishwithmaite.com\/wp-content\/uploads\/2022\/06\/Expresiones-en-espan\u0303ol-con-el-verbo-quedar.jpg\",\"contentUrl\":\"https:\/\/spanishwithmaite.com\/wp-content\/uploads\/2022\/06\/Expresiones-en-espan\u0303ol-con-el-verbo-quedar.jpg\",\"width\":1080,\"height\":1080},{\"@type\":\"BreadcrumbList\",\"@id\":\"https:\/\/spanishwithmaite.com\/index.php\/podcast\/las-expresiones-con-el-verbo-quedar\/#breadcrumb\",\"itemListElement\":[{\"@type\":\"ListItem\",\"position\":1,\"name\":\"Portada\",\"item\":\"https:\/\/spanishwithmaite.com\/\"},{\"@type\":\"ListItem\",\"position\":2,\"name\":\"Podcast\",\"item\":\"https:\/\/spanishwithmaite.com\/index.php\/podcast\/\"},{\"@type\":\"ListItem\",\"position\":3,\"name\":\"Las expresiones con el verbo quedar.\"}]},{\"@type\":\"WebSite\",\"@id\":\"https:\/\/spanishwithmaite.com\/#website\",\"url\":\"https:\/\/spanishwithmaite.com\/\",\"name\":\"Espa&ntilde;ol con Maite\",\"description\":\"Blog para aprender y practicar espa&ntilde;ol\",\"publisher\":{\"@id\":\"https:\/\/spanishwithmaite.com\/#organization\"},\"potentialAction\":[{\"@type\":\"SearchAction\",\"target\":{\"@type\":\"EntryPoint\",\"urlTemplate\":\"https:\/\/spanishwithmaite.com\/?s={search_term_string}\"},\"query-input\":{\"@type\":\"PropertyValueSpecification\",\"valueRequired\":true,\"valueName\":\"search_term_string\"}}],\"inLanguage\":\"es\"},{\"@type\":\"Organization\",\"@id\":\"https:\/\/spanishwithmaite.com\/#organization\",\"name\":\"Espa&ntilde;ol con Maite\",\"url\":\"https:\/\/spanishwithmaite.com\/\",\"logo\":{\"@type\":\"ImageObject\",\"inLanguage\":\"es\",\"@id\":\"https:\/\/spanishwithmaite.com\/#\/schema\/logo\/image\/\",\"url\":\"https:\/\/spanishwithmaite.com\/wp-content\/uploads\/2022\/05\/Black-and-White-Minimalist-Initials-Logo-Template.png\",\"contentUrl\":\"https:\/\/spanishwithmaite.com\/wp-content\/uploads\/2022\/05\/Black-and-White-Minimalist-Initials-Logo-Template.png\",\"width\":500,\"height\":500,\"caption\":\"Espa&ntilde;ol con Maite\"},\"image\":{\"@id\":\"https:\/\/spanishwithmaite.com\/#\/schema\/logo\/image\/\"}}]}<\/script>\n<!-- \/ Yoast SEO plugin. -->","yoast_head_json":{"title":"Expresiones con el verbo quedar- Episodio 5 - Espa&ntilde;ol con Maite","description":"En espa\u00f1ol utilizamos muchas expresiones con el verbo quedar y con diferentes significados. Escucha el podcast y desc\u00fabrelas.","robots":{"index":"index","follow":"follow","max-snippet":"max-snippet:-1","max-image-preview":"max-image-preview:large","max-video-preview":"max-video-preview:-1"},"canonical":"https:\/\/spanishwithmaite.com\/index.php\/podcast\/las-expresiones-con-el-verbo-quedar\/","og_locale":"es_ES","og_type":"article","og_title":"Expresiones con el verbo quedar- Episodio 5 - Espa&ntilde;ol con Maite","og_description":"En espa\u00f1ol utilizamos muchas expresiones con el verbo quedar y con diferentes significados. Escucha el podcast y desc\u00fabrelas.","og_url":"https:\/\/spanishwithmaite.com\/index.php\/podcast\/las-expresiones-con-el-verbo-quedar\/","og_site_name":"Espa&ntilde;ol con Maite","article_modified_time":"2022-06-14T09:54:35+00:00","og_image":[{"width":1080,"height":1080,"url":"https:\/\/spanishwithmaite.com\/wp-content\/uploads\/2022\/06\/Expresiones-en-espan\u0303ol-con-el-verbo-quedar.jpg","type":"image\/jpeg"}],"twitter_card":"summary_large_image","twitter_misc":{"Tiempo de lectura":"4 minutos"},"schema":{"@context":"https:\/\/schema.org","@graph":[{"@type":"WebPage","@id":"https:\/\/spanishwithmaite.com\/index.php\/podcast\/las-expresiones-con-el-verbo-quedar\/","url":"https:\/\/spanishwithmaite.com\/index.php\/podcast\/las-expresiones-con-el-verbo-quedar\/","name":"Expresiones con el verbo quedar- Episodio 5 - Espa&ntilde;ol con Maite","isPartOf":{"@id":"https:\/\/spanishwithmaite.com\/#website"},"primaryImageOfPage":{"@id":"https:\/\/spanishwithmaite.com\/index.php\/podcast\/las-expresiones-con-el-verbo-quedar\/#primaryimage"},"image":{"@id":"https:\/\/spanishwithmaite.com\/index.php\/podcast\/las-expresiones-con-el-verbo-quedar\/#primaryimage"},"thumbnailUrl":"https:\/\/spanishwithmaite.com\/wp-content\/uploads\/2022\/06\/Expresiones-en-espan\u0303ol-con-el-verbo-quedar.jpg","datePublished":"2022-06-13T09:00:00+00:00","dateModified":"2022-06-14T09:54:35+00:00","description":"En espa\u00f1ol utilizamos muchas expresiones con el verbo quedar y con diferentes significados. Escucha el podcast y desc\u00fabrelas.","breadcrumb":{"@id":"https:\/\/spanishwithmaite.com\/index.php\/podcast\/las-expresiones-con-el-verbo-quedar\/#breadcrumb"},"inLanguage":"es","potentialAction":[{"@type":"ReadAction","target":["https:\/\/spanishwithmaite.com\/index.php\/podcast\/las-expresiones-con-el-verbo-quedar\/"]}]},{"@type":"ImageObject","inLanguage":"es","@id":"https:\/\/spanishwithmaite.com\/index.php\/podcast\/las-expresiones-con-el-verbo-quedar\/#primaryimage","url":"https:\/\/spanishwithmaite.com\/wp-content\/uploads\/2022\/06\/Expresiones-en-espan\u0303ol-con-el-verbo-quedar.jpg","contentUrl":"https:\/\/spanishwithmaite.com\/wp-content\/uploads\/2022\/06\/Expresiones-en-espan\u0303ol-con-el-verbo-quedar.jpg","width":1080,"height":1080},{"@type":"BreadcrumbList","@id":"https:\/\/spanishwithmaite.com\/index.php\/podcast\/las-expresiones-con-el-verbo-quedar\/#breadcrumb","itemListElement":[{"@type":"ListItem","position":1,"name":"Portada","item":"https:\/\/spanishwithmaite.com\/"},{"@type":"ListItem","position":2,"name":"Podcast","item":"https:\/\/spanishwithmaite.com\/index.php\/podcast\/"},{"@type":"ListItem","position":3,"name":"Las expresiones con el verbo quedar."}]},{"@type":"WebSite","@id":"https:\/\/spanishwithmaite.com\/#website","url":"https:\/\/spanishwithmaite.com\/","name":"Espa&ntilde;ol con Maite","description":"Blog para aprender y practicar espa&ntilde;ol","publisher":{"@id":"https:\/\/spanishwithmaite.com\/#organization"},"potentialAction":[{"@type":"SearchAction","target":{"@type":"EntryPoint","urlTemplate":"https:\/\/spanishwithmaite.com\/?s={search_term_string}"},"query-input":{"@type":"PropertyValueSpecification","valueRequired":true,"valueName":"search_term_string"}}],"inLanguage":"es"},{"@type":"Organization","@id":"https:\/\/spanishwithmaite.com\/#organization","name":"Espa&ntilde;ol con Maite","url":"https:\/\/spanishwithmaite.com\/","logo":{"@type":"ImageObject","inLanguage":"es","@id":"https:\/\/spanishwithmaite.com\/#\/schema\/logo\/image\/","url":"https:\/\/spanishwithmaite.com\/wp-content\/uploads\/2022\/05\/Black-and-White-Minimalist-Initials-Logo-Template.png","contentUrl":"https:\/\/spanishwithmaite.com\/wp-content\/uploads\/2022\/05\/Black-and-White-Minimalist-Initials-Logo-Template.png","width":500,"height":500,"caption":"Espa&ntilde;ol con Maite"},"image":{"@id":"https:\/\/spanishwithmaite.com\/#\/schema\/logo\/image\/"}}]}},"_links":{"self":[{"href":"https:\/\/spanishwithmaite.com\/index.php\/wp-json\/wp\/v2\/podcast\/719","targetHints":{"allow":["GET"]}}],"collection":[{"href":"https:\/\/spanishwithmaite.com\/index.php\/wp-json\/wp\/v2\/podcast"}],"about":[{"href":"https:\/\/spanishwithmaite.com\/index.php\/wp-json\/wp\/v2\/types\/podcast"}],"author":[{"embeddable":true,"href":"https:\/\/spanishwithmaite.com\/index.php\/wp-json\/wp\/v2\/users\/1"}],"replies":[{"embeddable":true,"href":"https:\/\/spanishwithmaite.com\/index.php\/wp-json\/wp\/v2\/comments?post=719"}],"wp:featuredmedia":[{"embeddable":true,"href":"https:\/\/spanishwithmaite.com\/index.php\/wp-json\/wp\/v2\/media\/721"}],"wp:attachment":[{"href":"https:\/\/spanishwithmaite.com\/index.php\/wp-json\/wp\/v2\/media?parent=719"}],"wp:term":[{"taxonomy":"post_tag","embeddable":true,"href":"https:\/\/spanishwithmaite.com\/index.php\/wp-json\/wp\/v2\/tags?post=719"},{"taxonomy":"series","embeddable":true,"href":"https:\/\/spanishwithmaite.com\/index.php\/wp-json\/wp\/v2\/series?post=719"}],"curies":[{"name":"wp","href":"https:\/\/api.w.org\/{rel}","templated":true}]}}