{"id":809,"date":"2022-07-13T14:43:06","date_gmt":"2022-07-13T14:43:06","guid":{"rendered":"https:\/\/spanishwithmaite.com\/?post_type=podcast&#038;p=809"},"modified":"2022-07-13T15:11:19","modified_gmt":"2022-07-13T15:11:19","slug":"calor-y-bicicletas","status":"publish","type":"podcast","link":"https:\/\/spanishwithmaite.com\/index.php\/podcast\/calor-y-bicicletas\/","title":{"rendered":"Calor y bicicletas"},"content":{"rendered":"<p>\u00a1Hola! \u00a1Bienvenido! \u00a1Bienvenida! Este es el episodio n\u00famero 9 de \u201cEspa\u00f1ol con Maite\u201d.<\/p>\n<p>\u00a1Gracias por estar aqu\u00ed! <strong><em>Thank you for coming!<\/em><\/strong><\/p>\n<p>Pod\u00e9is encontrar la transcripci\u00f3n del episodio completo en <a href=\"http:\/\/www.spanishwithmaite.com\">www.spanishwithmaite.com<\/a><\/p>\n<p>Hoy empiezo hablando del calor de estos d\u00edas y despu\u00e9s os hablar\u00e9 de bicicletas. \u00bfPor qu\u00e9?<\/p>\n<p>Estamos en verano y hace mucho calor. En Espa\u00f1a <strong>las temperaturas est\u00e1n disparadas.<\/strong> \u00a1Estamos en plena <strong>ola de calor<\/strong>! Hace un <strong>calor infernal. <\/strong><\/p>\n<p>Estas son algunas de las expresiones que utilizamos para hablar del calor cuando las temperaturas son muy elevadas.<\/p>\n<p>A estas temperaturas <strong>m\u00e1s altas l<\/strong>as llamamos <strong>\u201clas m\u00e1ximas\u201d<\/strong> y a las m\u00e1s bajas, <strong>las m\u00ednimas.<\/strong><\/p>\n<p>Para las noches tambi\u00e9n tenemos palabras especiales. Las noches son t<strong>ropicales<\/strong> cuando no bajan de 20\u00ba o <strong>t\u00f3rridas<\/strong> cuando suben de 30\u00ba.<\/p>\n<p>La temporada m\u00e1s calurosa del a\u00f1o se conoce con el nombre de <strong>can\u00edcula.<\/strong><\/p>\n<p>\u00bfSabes por qu\u00e9? Esto es toda <strong>una curiosidad<\/strong>, pero te lo voy a explicar.<\/p>\n<p>El t\u00e9rmino can\u00edculas deriva <strong>de canis (perro),<\/strong> y hace referencia a una estrella, la estrella de Sirio, llamada \u201cla Abrasadora\u201d de la constelaci\u00f3n <em>Canis maior. <\/em><\/p>\n<p>Esta estrella <strong>es la m\u00e1s brillante del cielo nocturno algunos d\u00edas de verano<\/strong> en el hemisferio norte.<\/p>\n<p>Nuestros antepasados cre\u00edan que cuando esta estrella brillaba<strong> su calor se sumaba al del Sol y <\/strong>esto daba lugar a la <strong>can\u00edcula<\/strong>, los d\u00edas m\u00e1s calurosos y menos lluviosos de todo el verano. Antes esto ocurr\u00eda m\u00e1s o menos desde 15 de julio hasta 15 de agosto. Hoy en d\u00eda los d\u00edas m\u00e1s calurosos ya no coinciden con los d\u00edas que m\u00e1s brilla la estrella de Sirio, pero esta palabra sigue utiliz\u00e1ndose.<\/p>\n<p>Ser\u00eda genial poder estar de vacaciones en esta \u00e9poca y, si no lo est\u00e1s, seguramente esperas el fin de semana para ir a la playa o a la monta\u00f1a a refrescarte \u00bfNo?<\/p>\n<p><strong>Pues <\/strong>sab\u00e9is &#8230; \u00bfD\u00f3nde estaba yo el domingo?\u00a0Todos tenemos aficiones distintas y en mi familia tengo <strong>dos super deportistas<\/strong>. <strong>Uno<\/strong> m\u00e1s ciclista <strong>y el otro<\/strong> m\u00e1s de carreras, de correr.<\/p>\n<p><strong>El primero<\/strong> es un amante de la bicicleta y hay que serlo porque sin amor, fuerza, mucha voluntad y entreno creo que es imposible conseguir hacer lo que \u00e9l logr\u00f3 este fin de semana.<\/p>\n<p>Este domingo en Catalu\u00f1a se celebraba la marcha cicloturista de resistencia Buff 4 cims (las cuatro cimas o cumbres en espa\u00f1ol).<\/p>\n<p>Hab\u00eda 3 recorridos, uno de 112 kil\u00f3metros, otro de 144 kil\u00f3metros y el \u00faltimo de 162 km con 3700 metros de desnivel. \u00a1Y 1500 participantes dispuestos a conseguir el reto!<\/p>\n<p><strong>Els 4 cims es una marcha de resistencia<\/strong>, se trata de conseguir acabar no de ganar. Cada uno de los que los que participan, al menos en mi opini\u00f3n, <strong>ya son ganadores<\/strong>.<\/p>\n<p>Y as\u00ed empez\u00f3 \u00e9l. La bicicleta preparada, vestido con el maillot de la carrera, agua, geles con glucosa l\u00edquida y a pedalear&#8230;<\/p>\n<p>El entorno era maravilloso, las monta\u00f1as de los Pirineos catalanes del Bergued\u00e0. Verde, vegetaci\u00f3n y silencio que solo se romp\u00eda cuando pasaba alg\u00fan veh\u00edculo despistado, una moto o el mugido de una vaca.<\/p>\n<p>Cuando sub\u00edamos en coche para poder verlo en los puntos de<strong> avituallamiento (<\/strong>donde les ofrecen comida y bebida) me parec\u00eda imposible que alguien pudiera <strong>ascender<\/strong> esas pendientes.<\/p>\n<p>Sin embargo, los ciclistas fueron subiendo, <strong>pedaleando<\/strong> con fuerza, manteniendo el <strong>ritmo,<\/strong> unos en grupo y otros en solitario.<\/p>\n<p><strong>Paso a paso<\/strong> y de cima en cima a lo largo del d\u00eda la mayor\u00eda de ellos consiguieron <strong>el objetivo<\/strong>.<\/p>\n<p>La \u00faltima cima fue, sin duda, la m\u00e1s <strong>complicada.<\/strong><\/p>\n<p>Est\u00e1bamos a unos 35 grados de temperatura, llevaban muchas horas y muchos kil\u00f3metros <strong>en sus espaldas<\/strong>. Puedo confesar que yo sufr\u00eda pensando en el esfuerzo que estaba haciendo, que deseaba que por fin se acabase.<\/p>\n<p>En los \u00faltimos kil\u00f3metros de la ruta hab\u00edan puesto carteles <strong>con frases motivacionales.<\/strong><\/p>\n<p>La famosa: \u201c<strong>c<\/strong><strong>uando tu cabeza dice no, tu cuerpo a\u00fan puede m\u00e1s\u201d.<\/strong><\/p>\n<p>O \u00e1nimo, no lo dejes, pedalea, ya falta menos, no mires al suelo,<strong> t\u00fa puedes<\/strong>, la meta est\u00e1 a la vuelta de la esquina.<\/p>\n<p>Y as\u00ed lleg\u00f3 el momento y <strong>l<\/strong>o vimos atravesar<strong> la meta <\/strong>contento y<strong> triunfador<\/strong> con el reto conseguido.<\/p>\n<p>Hab\u00eda aprendido a moderar el esfuerzo, hab\u00eda repartido sus fuerzas y lo hab\u00eda conseguido. Las 4 cimas ya eran suyas.<\/p>\n<p>Y as\u00ed pasamos el domingo, ni en casa, ni en la playa&#8230; en una preciosa monta\u00f1a del Pirineo viendo c\u00f3mo muchos hombres y mujeres luchaban con todas sus fuerzas por conseguir alcanzar <strong>una meta.<\/strong><\/p>\n<p>En este podcast he utilizado diferentes expresiones relacionadas con el tiempo o con el deporte que os dejar\u00e9 apuntadas en el blog <a href=\"http:\/\/www.spanishwithmaite.com\">www.spanishwithmaite.com<\/a><\/p>\n<p>Gracias por estar aqu\u00ed y te espero la pr\u00f3xima semana.<\/p>\n<p>\u00a1Hasta luego!<\/p>\n<p><strong>\u00a0<\/strong><\/p>\n<h3><\/h3>\n<h3><strong>Vocabulario:<\/strong><\/h3>\n<p>Temperaturas disparadas: temperaturas muy altas. <em>High temperatura.<\/em><\/p>\n<p>Ola de calor: <em>heat wave<\/em><\/p>\n<p>Calor infernal<em>: <\/em><em>blistering heat<\/em><\/p>\n<p>Las altas: <em>higher temperatures<\/em><\/p>\n<p>Las m\u00e1ximas: <em>the highest temperatures<\/em><\/p>\n<p>Las bajas: lower temperatures<\/p>\n<p>Las m\u00ednimas: <em>the minimum temperatures<\/em><\/p>\n<p>T\u00f3rridas: <em>torrids<\/em><\/p>\n<p>Cielo nocturno: <em>night sky<\/em><\/p>\n<p>Marcha de Resistencia: <em>resistance march.<\/em><\/p>\n<p>Avituallamiento<em>: provisioning<\/em><\/p>\n<p>Ascender: <em>climb<\/em><\/p>\n<p>Pedalear: pedal<\/p>\n<p>Ritmo: pace, rate<\/p>\n<p>Objetivo: goal<\/p>\n<p>Complicada: difficult<\/p>\n<p>En sus espaldas: on their backs<\/p>\n<p>Frases motivacionales: motivacional sentences<\/p>\n<p>Meta: the finish<\/p>\n<p>Triunfador: successful<\/p>\n<p>&nbsp;<\/p>\n<p>&nbsp;<\/p>\n<p>&nbsp;<\/p>\n<p>&nbsp;<\/p>\n<p>&nbsp;<\/p>\n<p>&nbsp;<\/p>\n<p>&nbsp;<\/p>\n<p>&nbsp;<\/p>\n<p>&nbsp;<\/p>\n<p>&nbsp;<\/p>\n<p>&nbsp;<\/p>\n<p>&nbsp;<\/p>\n<p>&nbsp;<\/p>\n<p>&nbsp;<\/p>\n<p>&nbsp;<\/p>\n<p>&nbsp;<\/p>\n<p>&nbsp;<\/p>\n","protected":false},"excerpt":{"rendered":"<p>\u00a1Hola! \u00a1Bienvenido! \u00a1Bienvenida! Este es el episodio n\u00famero 9 de \u201cEspa\u00f1ol con Maite\u201d. \u00a1Gracias por estar aqu\u00ed! Thank you for coming! Pod\u00e9is encontrar la transcripci\u00f3n del episodio completo en www.spanishwithmaite.com Hoy empiezo hablando del calor de estos d\u00edas y despu\u00e9s os hablar\u00e9 de bicicletas. \u00bfPor qu\u00e9? Estamos en verano y hace mucho calor. En Espa\u00f1a&hellip;&nbsp;<a href=\"https:\/\/spanishwithmaite.com\/index.php\/podcast\/calor-y-bicicletas\/\" rel=\"bookmark\">Leer m\u00e1s &raquo;<span class=\"screen-reader-text\">Calor y bicicletas<\/span><\/a><\/p>\n","protected":false},"author":1,"featured_media":811,"menu_order":0,"comment_status":"open","ping_status":"closed","template":"","meta":{"neve_meta_sidebar":"","neve_meta_container":"","neve_meta_enable_content_width":"","neve_meta_content_width":0,"neve_meta_title_alignment":"","neve_meta_author_avatar":"","neve_post_elements_order":"","neve_meta_disable_header":"","neve_meta_disable_footer":"","neve_meta_disable_title":"","episode_type":"audio","audio_file":"https:\/\/spanishwithmaite.com\/wp-content\/uploads\/2022\/07\/Episodio-9-Podcast.mp3","cover_image":"","cover_image_id":"","duration":"6:09","filesize":"8.44M","date_recorded":"2022-07-13 14:31:20","explicit":"","block":"","itunes_episode_number":"","itunes_title":"","itunes_season_number":"","itunes_episode_type":"","filesize_raw":"8850830"},"tags":[42,17,13,12],"series":[16],"class_list":["post-809","podcast","type-podcast","status-publish","has-post-thumbnail","hentry","tag-el-tiempo","tag-espanol","tag-listeningspanish","tag-podcast","series-espanolconmaite"],"episode_featured_image":"https:\/\/spanishwithmaite.com\/wp-content\/uploads\/2022\/07\/Calor-y-bicicletas.Podcast-Episode-Instagram-Post.jpg","episode_player_image":"https:\/\/spanishwithmaite.com\/wp-content\/uploads\/2022\/05\/Espan\u0303ol-con-maite-1.png","download_link":"https:\/\/spanishwithmaite.com\/podcast-download\/809\/calor-y-bicicletas","player_link":"https:\/\/spanishwithmaite.com\/podcast-player\/809\/calor-y-bicicletas","audio_player":null,"episode_data":{"playerMode":"light","subscribeUrls":{"apple_podcasts":{"key":"apple_podcasts","url":"","label":"Apple Podcasts","class":"apple_podcasts","icon":"apple-podcasts.png"},"stitcher":{"key":"stitcher","url":"","label":"Stitcher","class":"stitcher","icon":"stitcher.png"},"google_podcasts":{"key":"google_podcasts","url":"","label":"Google Podcasts","class":"google_podcasts","icon":"google-podcasts.png"},"spotify":{"key":"spotify","url":"","label":"Spotify","class":"spotify","icon":"spotify.png"}},"rssFeedUrl":"https:\/\/spanishwithmaite.com\/feed\/podcast\/espanolconmaite","embedCode":"<blockquote class=\"wp-embedded-content\" data-secret=\"WorzcxgBsn\"><a href=\"https:\/\/spanishwithmaite.com\/index.php\/podcast\/calor-y-bicicletas\/\">Calor y bicicletas<\/a><\/blockquote><iframe sandbox=\"allow-scripts\" security=\"restricted\" src=\"https:\/\/spanishwithmaite.com\/index.php\/podcast\/calor-y-bicicletas\/embed\/#?secret=WorzcxgBsn\" width=\"500\" height=\"350\" title=\"\u00abCalor y bicicletas\u00bb \u2014 Espa&ntilde;ol con Maite\" data-secret=\"WorzcxgBsn\" frameborder=\"0\" marginwidth=\"0\" marginheight=\"0\" scrolling=\"no\" class=\"wp-embedded-content\"><\/iframe><script>\n\/*! This file is auto-generated *\/\n!function(d,l){\"use strict\";l.querySelector&&d.addEventListener&&\"undefined\"!=typeof URL&&(d.wp=d.wp||{},d.wp.receiveEmbedMessage||(d.wp.receiveEmbedMessage=function(e){var t=e.data;if((t||t.secret||t.message||t.value)&&!\/[^a-zA-Z0-9]\/.test(t.secret)){for(var s,r,n,a=l.querySelectorAll('iframe[data-secret=\"'+t.secret+'\"]'),o=l.querySelectorAll('blockquote[data-secret=\"'+t.secret+'\"]'),c=new RegExp(\"^https?:$\",\"i\"),i=0;i<o.length;i++)o[i].style.display=\"none\";for(i=0;i<a.length;i++)s=a[i],e.source===s.contentWindow&&(s.removeAttribute(\"style\"),\"height\"===t.message?(1e3<(r=parseInt(t.value,10))?r=1e3:~~r<200&&(r=200),s.height=r):\"link\"===t.message&&(r=new URL(s.getAttribute(\"src\")),n=new URL(t.value),c.test(n.protocol))&&n.host===r.host&&l.activeElement===s&&(d.top.location.href=t.value))}},d.addEventListener(\"message\",d.wp.receiveEmbedMessage,!1),l.addEventListener(\"DOMContentLoaded\",function(){for(var e,t,s=l.querySelectorAll(\"iframe.wp-embedded-content\"),r=0;r<s.length;r++)(t=(e=s[r]).getAttribute(\"data-secret\"))||(t=Math.random().toString(36).substring(2,12),e.src+=\"#?secret=\"+t,e.setAttribute(\"data-secret\",t)),e.contentWindow.postMessage({message:\"ready\",secret:t},\"*\")},!1)))}(window,document);\n\/\/# sourceURL=https:\/\/spanishwithmaite.com\/wp-includes\/js\/wp-embed.min.js\n<\/script>\n"},"yoast_head":"<!-- This site is optimized with the Yoast SEO plugin v25.0 - https:\/\/yoast.com\/wordpress\/plugins\/seo\/ -->\n<title>Calor y bicicletas - Podcast - Espa&ntilde;ol con Maite<\/title>\n<meta name=\"description\" content=\"Hoy por un lado te hablo del calor y las diferentes expresiones que utilizamos en espa\u00f1ol y por el otro de una marcha en bicicleta.\" \/>\n<meta name=\"robots\" content=\"index, follow, max-snippet:-1, max-image-preview:large, max-video-preview:-1\" \/>\n<link rel=\"canonical\" href=\"https:\/\/spanishwithmaite.com\/index.php\/podcast\/calor-y-bicicletas\/\" \/>\n<meta property=\"og:locale\" content=\"es_ES\" \/>\n<meta property=\"og:type\" content=\"article\" \/>\n<meta property=\"og:title\" content=\"Calor y bicicletas - Podcast - Espa&ntilde;ol con Maite\" \/>\n<meta property=\"og:description\" content=\"Hoy por un lado te hablo del calor y las diferentes expresiones que utilizamos en espa\u00f1ol y por el otro de una marcha en bicicleta.\" \/>\n<meta property=\"og:url\" content=\"https:\/\/spanishwithmaite.com\/index.php\/podcast\/calor-y-bicicletas\/\" \/>\n<meta property=\"og:site_name\" content=\"Espa&ntilde;ol con Maite\" \/>\n<meta property=\"article:modified_time\" content=\"2022-07-13T15:11:19+00:00\" \/>\n<meta property=\"og:image\" content=\"https:\/\/spanishwithmaite.com\/wp-content\/uploads\/2022\/07\/Calor-y-bicicletas.Podcast-Episode-Instagram-Post.jpg\" \/>\n\t<meta property=\"og:image:width\" content=\"1080\" \/>\n\t<meta property=\"og:image:height\" content=\"1080\" \/>\n\t<meta property=\"og:image:type\" content=\"image\/jpeg\" \/>\n<meta name=\"twitter:card\" content=\"summary_large_image\" \/>\n<meta name=\"twitter:label1\" content=\"Tiempo de lectura\" \/>\n\t<meta name=\"twitter:data1\" content=\"4 minutos\" \/>\n<script type=\"application\/ld+json\" class=\"yoast-schema-graph\">{\"@context\":\"https:\/\/schema.org\",\"@graph\":[{\"@type\":\"WebPage\",\"@id\":\"https:\/\/spanishwithmaite.com\/index.php\/podcast\/calor-y-bicicletas\/\",\"url\":\"https:\/\/spanishwithmaite.com\/index.php\/podcast\/calor-y-bicicletas\/\",\"name\":\"Calor y bicicletas - Podcast - Espa&ntilde;ol con Maite\",\"isPartOf\":{\"@id\":\"https:\/\/spanishwithmaite.com\/#website\"},\"primaryImageOfPage\":{\"@id\":\"https:\/\/spanishwithmaite.com\/index.php\/podcast\/calor-y-bicicletas\/#primaryimage\"},\"image\":{\"@id\":\"https:\/\/spanishwithmaite.com\/index.php\/podcast\/calor-y-bicicletas\/#primaryimage\"},\"thumbnailUrl\":\"https:\/\/spanishwithmaite.com\/wp-content\/uploads\/2022\/07\/Calor-y-bicicletas.Podcast-Episode-Instagram-Post.jpg\",\"datePublished\":\"2022-07-13T14:43:06+00:00\",\"dateModified\":\"2022-07-13T15:11:19+00:00\",\"description\":\"Hoy por un lado te hablo del calor y las diferentes expresiones que utilizamos en espa\u00f1ol y por el otro de una marcha en bicicleta.\",\"breadcrumb\":{\"@id\":\"https:\/\/spanishwithmaite.com\/index.php\/podcast\/calor-y-bicicletas\/#breadcrumb\"},\"inLanguage\":\"es\",\"potentialAction\":[{\"@type\":\"ReadAction\",\"target\":[\"https:\/\/spanishwithmaite.com\/index.php\/podcast\/calor-y-bicicletas\/\"]}]},{\"@type\":\"ImageObject\",\"inLanguage\":\"es\",\"@id\":\"https:\/\/spanishwithmaite.com\/index.php\/podcast\/calor-y-bicicletas\/#primaryimage\",\"url\":\"https:\/\/spanishwithmaite.com\/wp-content\/uploads\/2022\/07\/Calor-y-bicicletas.Podcast-Episode-Instagram-Post.jpg\",\"contentUrl\":\"https:\/\/spanishwithmaite.com\/wp-content\/uploads\/2022\/07\/Calor-y-bicicletas.Podcast-Episode-Instagram-Post.jpg\",\"width\":1080,\"height\":1080,\"caption\":\"Spanish with maite\"},{\"@type\":\"BreadcrumbList\",\"@id\":\"https:\/\/spanishwithmaite.com\/index.php\/podcast\/calor-y-bicicletas\/#breadcrumb\",\"itemListElement\":[{\"@type\":\"ListItem\",\"position\":1,\"name\":\"Portada\",\"item\":\"https:\/\/spanishwithmaite.com\/\"},{\"@type\":\"ListItem\",\"position\":2,\"name\":\"Podcast\",\"item\":\"https:\/\/spanishwithmaite.com\/index.php\/podcast\/\"},{\"@type\":\"ListItem\",\"position\":3,\"name\":\"Calor y bicicletas\"}]},{\"@type\":\"WebSite\",\"@id\":\"https:\/\/spanishwithmaite.com\/#website\",\"url\":\"https:\/\/spanishwithmaite.com\/\",\"name\":\"Espa&ntilde;ol con Maite\",\"description\":\"Blog para aprender y practicar espa&ntilde;ol\",\"publisher\":{\"@id\":\"https:\/\/spanishwithmaite.com\/#organization\"},\"potentialAction\":[{\"@type\":\"SearchAction\",\"target\":{\"@type\":\"EntryPoint\",\"urlTemplate\":\"https:\/\/spanishwithmaite.com\/?s={search_term_string}\"},\"query-input\":{\"@type\":\"PropertyValueSpecification\",\"valueRequired\":true,\"valueName\":\"search_term_string\"}}],\"inLanguage\":\"es\"},{\"@type\":\"Organization\",\"@id\":\"https:\/\/spanishwithmaite.com\/#organization\",\"name\":\"Espa&ntilde;ol con Maite\",\"url\":\"https:\/\/spanishwithmaite.com\/\",\"logo\":{\"@type\":\"ImageObject\",\"inLanguage\":\"es\",\"@id\":\"https:\/\/spanishwithmaite.com\/#\/schema\/logo\/image\/\",\"url\":\"https:\/\/spanishwithmaite.com\/wp-content\/uploads\/2022\/05\/Black-and-White-Minimalist-Initials-Logo-Template.png\",\"contentUrl\":\"https:\/\/spanishwithmaite.com\/wp-content\/uploads\/2022\/05\/Black-and-White-Minimalist-Initials-Logo-Template.png\",\"width\":500,\"height\":500,\"caption\":\"Espa&ntilde;ol con Maite\"},\"image\":{\"@id\":\"https:\/\/spanishwithmaite.com\/#\/schema\/logo\/image\/\"}}]}<\/script>\n<!-- \/ Yoast SEO plugin. -->","yoast_head_json":{"title":"Calor y bicicletas - Podcast - Espa&ntilde;ol con Maite","description":"Hoy por un lado te hablo del calor y las diferentes expresiones que utilizamos en espa\u00f1ol y por el otro de una marcha en bicicleta.","robots":{"index":"index","follow":"follow","max-snippet":"max-snippet:-1","max-image-preview":"max-image-preview:large","max-video-preview":"max-video-preview:-1"},"canonical":"https:\/\/spanishwithmaite.com\/index.php\/podcast\/calor-y-bicicletas\/","og_locale":"es_ES","og_type":"article","og_title":"Calor y bicicletas - Podcast - Espa&ntilde;ol con Maite","og_description":"Hoy por un lado te hablo del calor y las diferentes expresiones que utilizamos en espa\u00f1ol y por el otro de una marcha en bicicleta.","og_url":"https:\/\/spanishwithmaite.com\/index.php\/podcast\/calor-y-bicicletas\/","og_site_name":"Espa&ntilde;ol con Maite","article_modified_time":"2022-07-13T15:11:19+00:00","og_image":[{"width":1080,"height":1080,"url":"https:\/\/spanishwithmaite.com\/wp-content\/uploads\/2022\/07\/Calor-y-bicicletas.Podcast-Episode-Instagram-Post.jpg","type":"image\/jpeg"}],"twitter_card":"summary_large_image","twitter_misc":{"Tiempo de lectura":"4 minutos"},"schema":{"@context":"https:\/\/schema.org","@graph":[{"@type":"WebPage","@id":"https:\/\/spanishwithmaite.com\/index.php\/podcast\/calor-y-bicicletas\/","url":"https:\/\/spanishwithmaite.com\/index.php\/podcast\/calor-y-bicicletas\/","name":"Calor y bicicletas - Podcast - Espa&ntilde;ol con Maite","isPartOf":{"@id":"https:\/\/spanishwithmaite.com\/#website"},"primaryImageOfPage":{"@id":"https:\/\/spanishwithmaite.com\/index.php\/podcast\/calor-y-bicicletas\/#primaryimage"},"image":{"@id":"https:\/\/spanishwithmaite.com\/index.php\/podcast\/calor-y-bicicletas\/#primaryimage"},"thumbnailUrl":"https:\/\/spanishwithmaite.com\/wp-content\/uploads\/2022\/07\/Calor-y-bicicletas.Podcast-Episode-Instagram-Post.jpg","datePublished":"2022-07-13T14:43:06+00:00","dateModified":"2022-07-13T15:11:19+00:00","description":"Hoy por un lado te hablo del calor y las diferentes expresiones que utilizamos en espa\u00f1ol y por el otro de una marcha en bicicleta.","breadcrumb":{"@id":"https:\/\/spanishwithmaite.com\/index.php\/podcast\/calor-y-bicicletas\/#breadcrumb"},"inLanguage":"es","potentialAction":[{"@type":"ReadAction","target":["https:\/\/spanishwithmaite.com\/index.php\/podcast\/calor-y-bicicletas\/"]}]},{"@type":"ImageObject","inLanguage":"es","@id":"https:\/\/spanishwithmaite.com\/index.php\/podcast\/calor-y-bicicletas\/#primaryimage","url":"https:\/\/spanishwithmaite.com\/wp-content\/uploads\/2022\/07\/Calor-y-bicicletas.Podcast-Episode-Instagram-Post.jpg","contentUrl":"https:\/\/spanishwithmaite.com\/wp-content\/uploads\/2022\/07\/Calor-y-bicicletas.Podcast-Episode-Instagram-Post.jpg","width":1080,"height":1080,"caption":"Spanish with maite"},{"@type":"BreadcrumbList","@id":"https:\/\/spanishwithmaite.com\/index.php\/podcast\/calor-y-bicicletas\/#breadcrumb","itemListElement":[{"@type":"ListItem","position":1,"name":"Portada","item":"https:\/\/spanishwithmaite.com\/"},{"@type":"ListItem","position":2,"name":"Podcast","item":"https:\/\/spanishwithmaite.com\/index.php\/podcast\/"},{"@type":"ListItem","position":3,"name":"Calor y bicicletas"}]},{"@type":"WebSite","@id":"https:\/\/spanishwithmaite.com\/#website","url":"https:\/\/spanishwithmaite.com\/","name":"Espa&ntilde;ol con Maite","description":"Blog para aprender y practicar espa&ntilde;ol","publisher":{"@id":"https:\/\/spanishwithmaite.com\/#organization"},"potentialAction":[{"@type":"SearchAction","target":{"@type":"EntryPoint","urlTemplate":"https:\/\/spanishwithmaite.com\/?s={search_term_string}"},"query-input":{"@type":"PropertyValueSpecification","valueRequired":true,"valueName":"search_term_string"}}],"inLanguage":"es"},{"@type":"Organization","@id":"https:\/\/spanishwithmaite.com\/#organization","name":"Espa&ntilde;ol con Maite","url":"https:\/\/spanishwithmaite.com\/","logo":{"@type":"ImageObject","inLanguage":"es","@id":"https:\/\/spanishwithmaite.com\/#\/schema\/logo\/image\/","url":"https:\/\/spanishwithmaite.com\/wp-content\/uploads\/2022\/05\/Black-and-White-Minimalist-Initials-Logo-Template.png","contentUrl":"https:\/\/spanishwithmaite.com\/wp-content\/uploads\/2022\/05\/Black-and-White-Minimalist-Initials-Logo-Template.png","width":500,"height":500,"caption":"Espa&ntilde;ol con Maite"},"image":{"@id":"https:\/\/spanishwithmaite.com\/#\/schema\/logo\/image\/"}}]}},"_links":{"self":[{"href":"https:\/\/spanishwithmaite.com\/index.php\/wp-json\/wp\/v2\/podcast\/809","targetHints":{"allow":["GET"]}}],"collection":[{"href":"https:\/\/spanishwithmaite.com\/index.php\/wp-json\/wp\/v2\/podcast"}],"about":[{"href":"https:\/\/spanishwithmaite.com\/index.php\/wp-json\/wp\/v2\/types\/podcast"}],"author":[{"embeddable":true,"href":"https:\/\/spanishwithmaite.com\/index.php\/wp-json\/wp\/v2\/users\/1"}],"replies":[{"embeddable":true,"href":"https:\/\/spanishwithmaite.com\/index.php\/wp-json\/wp\/v2\/comments?post=809"}],"wp:featuredmedia":[{"embeddable":true,"href":"https:\/\/spanishwithmaite.com\/index.php\/wp-json\/wp\/v2\/media\/811"}],"wp:attachment":[{"href":"https:\/\/spanishwithmaite.com\/index.php\/wp-json\/wp\/v2\/media?parent=809"}],"wp:term":[{"taxonomy":"post_tag","embeddable":true,"href":"https:\/\/spanishwithmaite.com\/index.php\/wp-json\/wp\/v2\/tags?post=809"},{"taxonomy":"series","embeddable":true,"href":"https:\/\/spanishwithmaite.com\/index.php\/wp-json\/wp\/v2\/series?post=809"}],"curies":[{"name":"wp","href":"https:\/\/api.w.org\/{rel}","templated":true}]}}